{"id":6844,"date":"2015-06-06T15:24:26","date_gmt":"2015-06-06T14:24:26","guid":{"rendered":"http:\/\/www.zelezarny.cz\/de\/?page_id=5748"},"modified":"2024-05-22T15:48:19","modified_gmt":"2024-05-22T13:48:19","slug":"uber-uns","status":"publish","type":"page","link":"https:\/\/www.zelezarny.cz\/de\/uber-uns\/","title":{"rendered":"\u00dcber uns"},"content":{"rendered":"[mk_page_section bg_image=&#8221;\/wp-content\/uploads\/2015\/06\/bg-o-nas.jpg&#8221; bg_repeat=&#8221;no-repeat&#8221; min_height=&#8221;250&#8243; padding_top=&#8221;200&#8243; padding_bottom=&#8221;0&#8243; margin_bottom=&#8221;50&#8243; el_class=&#8221;zelezarny-page-title-content zahlavi-obrazek&#8221; first_page=&#8221;false&#8221; last_page=&#8221;false&#8221; sidebar=&#8221;sidebar-1&#8243;][vc_column][mk_fancy_title tag_name=&#8221;h1&#8243; color=&#8221;#ffffff&#8221; size=&#8221;60&#8243; font_weight=&#8221;900&#8243; font_style=&#8221;normal&#8221; txt_transform=&#8221;uppercase&#8221; margin_bottom=&#8221;40&#8243; font_family=&#8221;none&#8221; align=&#8221;center&#8221; el_class=&#8221;CoreSansA75ExtraBold&#8221;]\u00dcber uns<br \/>\n[\/mk_fancy_title][\/vc_column][\/mk_page_section][vc_row][vc_column width=&#8221;1\/6&#8243;][vc_column_text]\n[\/vc_column_text][\/vc_column][vc_column width=&#8221;2\/3&#8243;][vc_column_text disable_pattern=&#8221;false&#8221; align=&#8221;center&#8221; margin_bottom=&#8221;10&#8243; css=&#8221;.vc_custom_1715939770186{margin-bottom: 0px !important;}&#8221;]<span style=\"font-weight: 400;\">Bei \u017delez\u00e1rny \u0160t\u011bp\u00e1nov erzeugen wir Gussteile aus Grauguss und Sph\u00e4roguss. Wir sind ein Familienunternehmen, das vom Urenkel des Firmengr\u00fcnders bis heute geleitet wird. St\u00e4ndig verbessern wir unsere Produktionsprozesse und sorgen f\u00fcr eine gr\u00fcndliche Pr\u00fcfung jedes Gussteiles.<br \/>\n<\/span>[\/vc_column_text][mk_fancy_title tag_name=&#8221;h3&#8243; color=&#8221;#f33f00&#8243; size=&#8221;28&#8243; margin_top=&#8221;25&#8243; margin_bottom=&#8221;0&#8243; font_family=&#8221;none&#8221; align=&#8221;center&#8221;]Wir setzen auf eine pr\u00e4zise Herstellung und konsequente Kontrollen[\/mk_fancy_title][vc_column_text disable_pattern=&#8221;false&#8221; align=&#8221;center&#8221; margin_bottom=&#8221;10&#8243; css=&#8221;.vc_custom_1408123292551{margin-bottom: 0px !important;}&#8221;]<span style=\"font-weight: 400;\">Die Anspr\u00fcche unserer Kunden sind unsere t\u00e4gliche Herausforderung. Beratung, Entwicklung, Wertanalyse und Konstruktion bilden in unserem Hause die Grundlage f\u00fcr die technisch und wirtschaftlich perfekt ausgelegten Gussteile. Auf diese Qualit\u00e4t k\u00f6nnen wir mit Recht stolz sein. Die zahlreichen, anspruchsvollen Kunden- und ISO-Audits, die wir bestehen, berechtigen uns dazu.<br \/>\n<\/span>[\/vc_column_text][mk_padding_divider][\/vc_column][vc_column width=&#8221;1\/6&#8243;][vc_column_text]\n[\/vc_column_text][\/vc_column][\/vc_row][mk_page_section bg_image=&#8221;\/wp-content\/uploads\/2015\/06\/bg-o-nas-seda.jpg&#8221; attachment=&#8221;fixed&#8221; bg_position=&#8221;center top&#8221; enable_3d=&#8221;true&#8221; min_height=&#8221;400&#8243; margin_bottom=&#8221;10&#8243; el_class=&#8221;history-parallax&#8221; first_page=&#8221;false&#8221; last_page=&#8221;false&#8221; sidebar=&#8221;sidebar-1&#8243;][vc_column][vc_column_text]\n[\/vc_column_text][\/vc_column][\/mk_page_section][mk_page_section bg_color=&#8221;#ffffff&#8221; speed_factor=&#8221;4&#8243; padding_top=&#8221;50&#8243; padding_bottom=&#8221;30&#8243; sidebar=&#8221;sidebar-1&#8243; first_page=&#8221;false&#8221; last_page=&#8221;false&#8221;][vc_column width=&#8221;1\/6&#8243;][vc_column_text]\n[\/vc_column_text][\/vc_column][vc_column width=&#8221;2\/3&#8243;][mk_fancy_title color=&#8221;#04163e&#8221; size=&#8221;38&#8243; font_weight=&#8221;bold&#8221; font_style=&#8221;inhert&#8221; txt_transform=&#8221;uppercase&#8221; font_family=&#8221;none&#8221; align=&#8221;center&#8221;]\n<p>Wir \u00f6ffnen dem Fortschritt T\u00fcr und Tor, aber vergessen dabei unsere Traditionen nicht.<\/p>\n[\/mk_fancy_title][vc_column_text disable_pattern=&#8221;false&#8221; align=&#8221;center&#8221; margin_bottom=&#8221;15&#8243; css=&#8221;.vc_custom_1408123292551{margin-bottom: 0px !important;}&#8221;]<span style=\"font-weight: 400;\">Bei \u017delez\u00e1rny \u0160t\u011bp\u00e1nov investieren wir viel in Technologien und Maschinenausr\u00fcstungen, seit 1993 betrug das Investitionsvolumen schon mehr als 20\u00a0Mio. EUR. Dabei sorgen wir auch f\u00fcr\u00a0 kontinuierliche Entwicklung des Unternehmens und unserer Mitarbeiter. Somit geh\u00f6ren wir auch zu den marktf\u00fchrenden Gie\u00dfereien in Tschechien.<br \/>\n<\/span>[\/vc_column_text][\/vc_column][vc_column width=&#8221;1\/6&#8243;][vc_column_text]\n[\/vc_column_text][\/vc_column][\/mk_page_section][mk_page_section margin_bottom=&#8221;30&#8243; first_page=&#8221;false&#8221; last_page=&#8221;false&#8221; sidebar=&#8221;sidebar-1&#8243;][vc_column][mk_gallery images=&#8221;5886,5842,5887,5880,5713&#8243; style=&#8221;style1&#8243; item_spacing=&#8221;4&#8243; order=&#8221;DESC&#8221; orderby=&#8221;post__in&#8221; image_quality=&#8221;1&#8243; item_id=&#8221;1434822235-5585a65b01395&#8243;][\/vc_column][\/mk_page_section][mk_page_section min_height=&#8221;0&#8243; padding_top=&#8221;0&#8243; padding_bottom=&#8221;0&#8243; margin_bottom=&#8221;5&#8243; first_page=&#8221;false&#8221; last_page=&#8221;false&#8221; sidebar=&#8221;sidebar-1&#8243;][vc_column][mk_fancy_title color=&#8221;#04163e&#8221; size=&#8221;40&#8243; font_weight=&#8221;bold&#8221; font_style=&#8221;inhert&#8221; txt_transform=&#8221;uppercase&#8221; margin_bottom=&#8221;0&#8243; font_family=&#8221;none&#8221; align=&#8221;center&#8221;]Zeitlinie unseres Betriebs<br \/>\n[\/mk_fancy_title][\/vc_column][\/mk_page_section][mk_page_section padding_top=&#8221;0&#8243; first_page=&#8221;false&#8221; last_page=&#8221;false&#8221; sidebar=&#8221;sidebar-1&#8243;][vc_column width=&#8221;1\/6&#8243;][vc_column_text]\n[\/vc_column_text][\/vc_column][vc_column width=&#8221;2\/3&#8243;][vc_column_text disable_pattern=&#8221;false&#8221; align=&#8221;center&#8221; margin_bottom=&#8221;10&#8243; css=&#8221;.vc_custom_1408123292551{margin-bottom: 0px !important;}&#8221;]<span style=\"font-weight: 400;\"> Die Geschichte des Unternehmens kann unsere langj\u00e4hrige Tradition best\u00e4tigen, schafft aber auch die besten Voraussetzungen f\u00fcr eine erfolgreiche Zukunft und die Zufriedenheit unserer Kunden.<br \/>\n<\/span>[\/vc_column_text][\/vc_column][vc_column width=&#8221;1\/6&#8243;][vc_column_text]\n[\/vc_column_text][\/vc_column][\/mk_page_section][mk_page_section predefined_bg=&#8221;&#8221; first_page=&#8221;false&#8221; last_page=&#8221;false&#8221;][vc_column width=&#8221;1\/2&#8243;][mk_fancy_title tag_name=&#8221;h3&#8243; color=&#8221;#f33f00&#8243; size=&#8221;28&#8243; font_weight=&#8221;normal&#8221; font_style=&#8221;inhert&#8221; margin_bottom=&#8221;0&#8243; font_family=&#8221;none&#8221; align=&#8221;center&#8221;]\n<p>1500 \u2013 1995<\/p>\n[\/mk_fancy_title][mk_custom_list style=&#8221;&#8221; icon_color=&#8221;#f97352&#8243;]\n<ul>\n<li><strong>1593<\/strong> \u2013 die ersten Erw\u00e4hnungen von Hammern in \u0160t\u011bp\u00e1nov<\/li>\n<li><strong>1700<\/strong> &#8211; in \u0160t\u011bp\u00e1nov wurde ein Hochofen in Betrieb genommen<\/li>\n<li><strong>1910<\/strong> \u2013 es wurden \u00d6fen (Herde) gebaut und Eisengusst\u00fccke an Waggon-Bauwerke geliefert, die Gie\u00dferei besch\u00e4ftigte 300 Mitarbeiter.<\/li>\n<li><strong>1913<\/strong> \u2013 die Gie\u00dferei hat den Titel eines <em>kaiserlich<\/em>&#8211;<em>k\u00f6niglichen Hoflieferanten bekommen<\/em><\/li>\n<li><strong>31.7.1939<\/strong> \u2013 das Werk wurde von Jan Matou\u0161ek gekauft, er gr\u00fcndete die Gesellschaft \u017delez\u00e1rny \u0160t\u011bp\u00e1nov \u2013 Eisenh\u00fcttenwerke \u0160t\u011bp\u00e1nov \u2013 und f\u00fchrte die Herstellung von \u00d6fen (Herden) mit seiner eigenen Marke MAJ\u00c1K ein.\u00a0 Diese \u00d6fen (Herde) wurden sp\u00e4ter Europa weit exportiert<\/li>\n<li><b>1948 <\/b>\u2013 Verstaatlichung der Gie\u00dferei<\/li>\n<li><strong>1.7.1993<\/strong> \u2013\u00a0<span class=\"font5\">R\u00fcckgabe des Betriebes an die Familie des Herrn Jan Matou\u0161ek dank den Restitutionsgesetzen<\/span><\/li>\n<li><strong>1994<\/strong> &#8211; die Firma hat zum ersten Mal auf der Internationalen Maschinenbaumesse in Brunn ausgestellt<\/li>\n<li><strong>1995<\/strong> \u2013 \u017delez\u00e1rny \u0160t\u011bp\u00e1nov fertigt und liefert Baugruppen, komplette \u00d6fen (Herde), Lagerschilder (Flanschlagerschilder) und Seilr\u00e4der<\/li>\n<\/ul>\n[\/mk_custom_list][\/vc_column][vc_column width=&#8221;1\/2&#8243;][mk_fancy_title tag_name=&#8221;h3&#8243; color=&#8221;#f33f00&#8243; size=&#8221;28&#8243; font_weight=&#8221;normal&#8221; font_style=&#8221;inhert&#8221; margin_bottom=&#8221;0&#8243; font_family=&#8221;none&#8221; align=&#8221;center&#8221;]\n<p>1996 \u2013 bis heute<\/p>\n[\/mk_fancy_title][mk_custom_list style=&#8221;&#8221; icon_color=&#8221;#f97352&#8243;]\n<ul>\n<li><strong>1996<\/strong> &#8211; bedeutende Investitionen in Technologieausr\u00fcstungen der Firma: Einf\u00fchrung der Handformerei &#8211; Gie\u00dfen in Formen aus selbsth\u00e4rtenden Formsandmischungen<\/li>\n<li><strong>1996<\/strong>\u00a0&#8211;<span class=\"font5\">\u00a0ein au\u00dferordentliches Jahr f\u00fcr unsere Au\u00dfengesch\u00e4fte: \u017delez\u00e1rny \u0160t\u011bp\u00e1nov betraten den deutschen Markt.<\/span><\/li>\n<li><strong>1999<\/strong> \u2013 fixes Produktionsprogramm f\u00fcr Siemens, Einf\u00fchrung des Systems ISO\u00a09001<\/li>\n<li><strong>2000<\/strong> \u2013 die Gie\u00dferei geht zu selbsth\u00e4rtenden Formsandmischungen auf der Basis von Furan-Bindemitteln \u00fcber, dabei kam es zu der bedeutenden Steigerung der Fertigungskapazit\u00e4ten<\/li>\n<li><strong>2000<\/strong> \u2013 die erste Teilnahme unserer Firma an der gr\u00f6\u00dften Maschinenbaumesse der Welt, an der Hannover Messe<\/li>\n<li><strong>2003<\/strong> \u2013 Beschaffung des ersten Rotationsgasofens<\/li>\n<li><strong>2005<\/strong> \u2013\u00a0Beginn der Produktion von sph\u00e4roidischem Gusseisen<\/li>\n<li><strong>2006<\/strong> \u2013 Abstellen der Fertigung in dem Maschinenformverfahren; hiermit konzentriert sich die Gie\u00dferei v\u00f6llig auf die Handformerei<\/li>\n<li><strong>2013<\/strong> \u2013 Aufnahme der Produktion von Aluminiumlegierungen<\/li>\n<li><strong>2015<\/strong> \u2013 bedeutende Investitionen in dem Bereich der CNC gesteuerten Maschinen und Errichtung\u00a0 unserer eigenen, mechanischen Werkstatt<\/li>\n<li><strong>2017 <\/strong>\u2013 Nominierung durch Siemens MD f\u00fcr den \u201eBest Supplier Award 2016\u201c in der Kategorie \u201eQualit\u00e4t\u201c<\/li>\n<li><strong>2020<\/strong> \u2013 Bureau Veritas-Zertifizierung \u2013 Produktion f\u00fcr die Offshore- und Schifffahrtsindustrie<\/li>\n<li><strong>2020<\/strong> \u2013 DNV-Zertifizierung \u2013 Produktion f\u00fcr die Offshore- und Schifffahrtsindustrie<\/li>\n<li><strong>2021\u20132024<\/strong> \u2013 gro\u00dfe Investition in die \u00d6kologisierung des Betriebs \u2013 Staubabsaugung aus Innenr\u00e4umen, neuer Acht-Tonnen-Gasdrehofen, neue Strahlanlage, neuer Ausr\u00fcttelgittertisch und mehr<\/li>\n<li><strong>2024<\/strong> \u2013 Unterbrechung des Schmelzens in Kupol\u00f6fen und \u00dcbergang zu Gasdreh\u00f6fen von 5 Tonnen und 8 Tonnen<\/li>\n<\/ul>\n[\/mk_custom_list][\/vc_column][\/mk_page_section][mk_page_section bg_image=&#8221;\/wp-content\/uploads\/2014\/08\/bg-home3.jpg&#8221; bg_position=&#8221;center top&#8221; bg_repeat=&#8221;no-repeat&#8221; bg_stretch=&#8221;true&#8221; padding_top=&#8221;90&#8243; padding_bottom=&#8221;50&#8243; first_page=&#8221;false&#8221; last_page=&#8221;false&#8221; sidebar=&#8221;sidebar-1&#8243;][vc_column][mk_button dimension=&#8221;flat&#8221; size=&#8221;x-large&#8221; url=&#8221;https:\/\/www.zelezarny.cz\/de\/kontakte\/&#8221; align=&#8221;center&#8221; bg_color=&#8221;#ffec48&#8243; btn_hover_bg=&#8221;#092152&#8243; text_color=&#8221;dark&#8221; btn_hover_txt_color=&#8221;#ffffff&#8221;]Schauen Sie sich unseren Betrieb an<\/p>\n[\/mk_button][\/vc_column][\/mk_page_section]\n","protected":false},"excerpt":{"rendered":"<p>[mk_page_section bg_image=&#8221;\/wp-content\/uploads\/2015\/06\/bg-o-nas.jpg&#8221; bg_repeat=&#8221;no-repeat&#8221; min_height=&#8221;250&#8243; padding_top=&#8221;200&#8243; padding_bottom=&#8221;0&#8243; margin_bottom=&#8221;50&#8243; el_class=&#8221;zelezarny-page-title-content zahlavi-obrazek&#8221; first_page=&#8221;false&#8221; last_page=&#8221;false&#8221; sidebar=&#8221;sidebar-1&#8243;][vc_column][mk_fancy_title tag_name=&#8221;h1&#8243; color=&#8221;#ffffff&#8221; size=&#8221;60&#8243; font_weight=&#8221;900&#8243; font_style=&#8221;normal&#8221; txt_transform=&#8221;uppercase&#8221; margin_bottom=&#8221;40&#8243; font_family=&#8221;none&#8221; align=&#8221;center&#8221; el_class=&#8221;CoreSansA75ExtraBold&#8221;]\u00dcber uns [\/mk_fancy_title][\/vc_column][\/mk_page_section][vc_row][vc_column width=&#8221;1\/6&#8243;][vc_column_text] [\/vc_column_text][\/vc_column][vc_column width=&#8221;2\/3&#8243;][vc_column_text disable_pattern=&#8221;false&#8221; align=&#8221;center&#8221; margin_bottom=&#8221;10&#8243; css=&#8221;.vc_custom_1715939770186{margin-bottom: 0px !important;}&#8221;]Bei \u017delez\u00e1rny \u0160t\u011bp\u00e1nov erzeugen wir Gussteile aus Grauguss und Sph\u00e4roguss. Wir sind ein Familienunternehmen, das vom Urenkel des Firmengr\u00fcnders bis heute geleitet wird. [&hellip;]<\/p>\n","protected":false},"author":1,"featured_media":0,"parent":0,"menu_order":0,"comment_status":"open","ping_status":"open","template":"","meta":[],"yoast_head":"<!-- This site is optimized with the Yoast SEO plugin v16.4 - https:\/\/yoast.com\/wordpress\/plugins\/seo\/ -->\n<title>\u00dcber uns - \u017delez\u00e1rny \u0160t\u011bp\u00e1nov I Sl\u00e9v\u00e1rna, CNC obrobna, d\u016fraz na kvalitu<\/title>\n<meta name=\"robots\" content=\"index, follow, max-snippet:-1, max-image-preview:large, max-video-preview:-1\" \/>\n<link rel=\"canonical\" href=\"https:\/\/www.zelezarny.cz\/de\/uber-uns\/\" \/>\n<meta property=\"og:locale\" content=\"de_DE\" \/>\n<meta property=\"og:type\" content=\"article\" \/>\n<meta property=\"og:title\" content=\"\u00dcber uns - \u017delez\u00e1rny \u0160t\u011bp\u00e1nov I Sl\u00e9v\u00e1rna, CNC obrobna, d\u016fraz na kvalitu\" \/>\n<meta property=\"og:description\" content=\"[mk_page_section bg_image=&#8221;\/wp-content\/uploads\/2015\/06\/bg-o-nas.jpg&#8221; bg_repeat=&#8221;no-repeat&#8221; min_height=&#8221;250&#8243; padding_top=&#8221;200&#8243; padding_bottom=&#8221;0&#8243; margin_bottom=&#8221;50&#8243; el_class=&#8221;zelezarny-page-title-content zahlavi-obrazek&#8221; first_page=&#8221;false&#8221; last_page=&#8221;false&#8221; sidebar=&#8221;sidebar-1&#8243;][vc_column][mk_fancy_title tag_name=&#8221;h1&#8243; color=&#8221;#ffffff&#8221; size=&#8221;60&#8243; font_weight=&#8221;900&#8243; font_style=&#8221;normal&#8221; txt_transform=&#8221;uppercase&#8221; margin_bottom=&#8221;40&#8243; font_family=&#8221;none&#8221; align=&#8221;center&#8221; el_class=&#8221;CoreSansA75ExtraBold&#8221;]\u00dcber uns [\/mk_fancy_title][\/vc_column][\/mk_page_section][vc_row][vc_column width=&#8221;1\/6&#8243;][vc_column_text] [\/vc_column_text][\/vc_column][vc_column width=&#8221;2\/3&#8243;][vc_column_text disable_pattern=&#8221;false&#8221; align=&#8221;center&#8221; margin_bottom=&#8221;10&#8243; css=&#8221;.vc_custom_1715939770186{margin-bottom: 0px !important;}&#8221;]Bei \u017delez\u00e1rny \u0160t\u011bp\u00e1nov erzeugen wir Gussteile aus Grauguss und Sph\u00e4roguss. Wir sind ein Familienunternehmen, das vom Urenkel des Firmengr\u00fcnders bis heute geleitet wird. [&hellip;]\" \/>\n<meta property=\"og:url\" content=\"https:\/\/www.zelezarny.cz\/de\/uber-uns\/\" \/>\n<meta property=\"og:site_name\" content=\"\u017delez\u00e1rny \u0160t\u011bp\u00e1nov I Sl\u00e9v\u00e1rna, CNC obrobna, d\u016fraz na kvalitu\" \/>\n<meta property=\"article:modified_time\" content=\"2024-05-22T13:48:19+00:00\" \/>\n<meta name=\"twitter:card\" content=\"summary_large_image\" \/>\n<meta name=\"twitter:label1\" content=\"Gesch\u00e4tzte Lesezeit\" \/>\n\t<meta name=\"twitter:data1\" content=\"4 Minuten\" \/>\n<script type=\"application\/ld+json\" class=\"yoast-schema-graph\">{\"@context\":\"https:\/\/schema.org\",\"@graph\":[{\"@type\":\"WebSite\",\"@id\":\"https:\/\/www.zelezarny.cz\/#website\",\"url\":\"https:\/\/www.zelezarny.cz\/\",\"name\":\"\\u017delez\\u00e1rny \\u0160t\\u011bp\\u00e1nov I Sl\\u00e9v\\u00e1rna, CNC obrobna, d\\u016fraz na kvalitu\",\"description\":\"\",\"potentialAction\":[{\"@type\":\"SearchAction\",\"target\":\"https:\/\/www.zelezarny.cz\/?s={search_term_string}\",\"query-input\":\"required name=search_term_string\"}],\"inLanguage\":\"de-DE\"},{\"@type\":\"WebPage\",\"@id\":\"https:\/\/www.zelezarny.cz\/de\/uber-uns\/#webpage\",\"url\":\"https:\/\/www.zelezarny.cz\/de\/uber-uns\/\",\"name\":\"\\u00dcber uns - \\u017delez\\u00e1rny \\u0160t\\u011bp\\u00e1nov I Sl\\u00e9v\\u00e1rna, CNC obrobna, d\\u016fraz na kvalitu\",\"isPartOf\":{\"@id\":\"https:\/\/www.zelezarny.cz\/#website\"},\"datePublished\":\"2015-06-06T14:24:26+00:00\",\"dateModified\":\"2024-05-22T13:48:19+00:00\",\"breadcrumb\":{\"@id\":\"https:\/\/www.zelezarny.cz\/de\/uber-uns\/#breadcrumb\"},\"inLanguage\":\"de-DE\",\"potentialAction\":[{\"@type\":\"ReadAction\",\"target\":[\"https:\/\/www.zelezarny.cz\/de\/uber-uns\/\"]}]},{\"@type\":\"BreadcrumbList\",\"@id\":\"https:\/\/www.zelezarny.cz\/de\/uber-uns\/#breadcrumb\",\"itemListElement\":[{\"@type\":\"ListItem\",\"position\":1,\"item\":{\"@type\":\"WebPage\",\"@id\":\"https:\/\/www.zelezarny.cz\/de\/\",\"url\":\"https:\/\/www.zelezarny.cz\/de\/\",\"name\":\"Dom\\u016f\"}},{\"@type\":\"ListItem\",\"position\":2,\"item\":{\"@id\":\"https:\/\/www.zelezarny.cz\/de\/uber-uns\/#webpage\"}}]}]}<\/script>\n<!-- \/ Yoast SEO plugin. -->","_links":{"self":[{"href":"https:\/\/www.zelezarny.cz\/de\/wp-json\/wp\/v2\/pages\/6844"}],"collection":[{"href":"https:\/\/www.zelezarny.cz\/de\/wp-json\/wp\/v2\/pages"}],"about":[{"href":"https:\/\/www.zelezarny.cz\/de\/wp-json\/wp\/v2\/types\/page"}],"author":[{"embeddable":true,"href":"https:\/\/www.zelezarny.cz\/de\/wp-json\/wp\/v2\/users\/1"}],"replies":[{"embeddable":true,"href":"https:\/\/www.zelezarny.cz\/de\/wp-json\/wp\/v2\/comments?post=6844"}],"version-history":[{"count":4,"href":"https:\/\/www.zelezarny.cz\/de\/wp-json\/wp\/v2\/pages\/6844\/revisions"}],"predecessor-version":[{"id":7254,"href":"https:\/\/www.zelezarny.cz\/de\/wp-json\/wp\/v2\/pages\/6844\/revisions\/7254"}],"wp:attachment":[{"href":"https:\/\/www.zelezarny.cz\/de\/wp-json\/wp\/v2\/media?parent=6844"}],"curies":[{"name":"wp","href":"https:\/\/api.w.org\/{rel}","templated":true}]}}